{"id":56323,"date":"2026-09-03T08:53:41","date_gmt":"2026-09-03T08:53:41","guid":{"rendered":"https:\/\/aykana.ma\/property\/location-appartement-meublee-locean-rabat-ref-4268\/"},"modified":"2026-09-03T08:53:41","modified_gmt":"2026-09-03T08:53:41","slug":"location-appartement-meublee-locean-rabat-ref-4268","status":"publish","type":"property","link":"https:\/\/aykana.ma\/ar\/property\/location-appartement-meublee-locean-rabat-ref-4268\/","title":{"rendered":"\u0634\u0642\u0629 \u0645\u0641\u0631\u0648\u0634\u0629 \u0644\u0644\u0625\u064a\u062c\u0627\u0631 \u0641\u064a \u0644\u0648\u0633\u064a\u0627\u0646 \u0627\u0644\u0631\u0628\u0627\u0637\u060c \u0631\u0642\u0645 \u0627\u0644\u0645\u0631\u062c\u0639 4268"},"content":{"rendered":"<p>\u0634\u0642\u0629 \u0645\u0641\u0631\u0648\u0634\u0629 \u0644\u0644\u0625\u064a\u062c\u0627\u0631 \u0641\u064a \u0644\u0648\u0633\u064a\u0627\u0646 - \u0627\u0644\u0631\u0628\u0627\u0637 | 89 \u0645\u062a\u0631 \u0645\u0631\u0628\u0639 | \u063a\u0631\u0641\u062a\u0627 \u0646\u0648\u0645 | \u062a\u0631\u0627\u0633 | \u0645\u0631\u0622\u0628<\/p>\n<p>\u0634\u0642\u0629 \u0645\u0641\u0631\u0648\u0634\u0629 \u0631\u0627\u0626\u0639\u0629 \u0644\u0644\u0625\u064a\u062c\u0627\u0631 \u062a\u0642\u0639 \u0641\u064a \u062d\u064a \u0644\u0648\u0633\u064a\u0627\u0646 \u0627\u0644\u0645\u0631\u063a\u0648\u0628 \u0641\u064a\u0647 \u0641\u064a \u0627\u0644\u0631\u0628\u0627\u0637\u060c \u0628\u0645\u0633\u0627\u062d\u0629 89 \u0645\u062a\u0631\u064b\u0627 \u0645\u0631\u0628\u0639\u064b\u0627\u060c \u0648\u0647\u064a \u0645\u062b\u0627\u0644\u064a\u0629 \u0644\u0639\u0627\u0626\u0644\u0629 \u0623\u0648 \u0632\u0648\u062c\u064a\u0646 \u064a\u0628\u062d\u062b\u0627\u0646 \u0639\u0646 \u0627\u0644\u0631\u0627\u062d\u0629 \u0648\u0627\u0644\u0645\u0648\u0642\u0639 \u0627\u0644\u0627\u0633\u062a\u0631\u0627\u062a\u064a\u062c\u064a.<\/p>\n<p>\u062a\u062a\u0643\u0648\u0646 \u0627\u0644\u0634\u0642\u0629 \u0645\u0646:<\/p>\n<p>\u063a\u0631\u0641\u0629 \u0645\u0639\u064a\u0634\u0629 \u0645\u0634\u0631\u0642\u0629 \u0648\u0648\u0627\u0633\u0639\u0629<\/p>\n<p>\u063a\u0631\u0641\u062a\u0627 \u0646\u0648\u0645\u060c \u0628\u0645\u0627 \u0641\u064a \u0630\u0644\u0643 \u062c\u0646\u0627\u062d \u0631\u0626\u064a\u0633\u064a<\/p>\n<p>\u0645\u0637\u0628\u062e \u0645\u062c\u0647\u0632 \u0628\u0627\u0644\u0643\u0627\u0645\u0644<\/p>\n<p>\u062d\u0645\u0627\u0645<\/p>\n<p>\u0634\u0631\u0641\u0629 \u062c\u0645\u064a\u0644\u0629<\/p>\n<p>\u0627\u0644\u0637\u0627\u0628\u0642 \u0627\u0644\u062b\u0627\u0644\u062b \u0645\u0639 \u0645\u0635\u0639\u062f<\/p>\n<p>\u0643\u0645\u0627 \u064a\u062d\u062a\u0648\u064a \u0639\u0644\u0649 \u0645\u0648\u0642\u0641 \u0633\u064a\u0627\u0631\u0627\u062a.<\/p>\n<p>Emplacement id\u00e9al, proche des commerces, transports et de la mer.<br \/>\nPrix de location : 10 000 DHS \/ mois<\/p>","protected":false},"excerpt":{"rendered":"<p>Location Appartement Meubl\u00e9 \u00e0 L\u2019Oc\u00e9an \u2013 Rabat | 89 m\u00b2 | 2 Chambres | Terrasse | Garage \u00c0 louer, superbe appartement meubl\u00e9 situ\u00e9 dans le quartier pris\u00e9 de L\u2019Oc\u00e9an \u00e0 Rabat, d\u2019une superficie de 89 m\u00b2, id\u00e9al pour une famille ou un couple recherchant confort et emplacement strat\u00e9gique. L\u2019appartement se compose de : Un salon [&hellip;]<\/p>","protected":false},"author":6,"featured_media":56316,"parent":0,"menu_order":0,"template":"","property_type":[279],"property_status":[236],"property_feature":[186,189,190,193,198,199],"property_label":[],"property_country":[],"property_state":[247],"property_city":[37],"property_area":[48],"class_list":["post-56323","property","type-property","status-publish","has-post-thumbnail","hentry","property_type-appartement","property_status-location-meublee","property_feature-ascenseur","property_feature-climatisation","property_feature-cuisine-equipee","property_feature-garage","property_feature-meuble","property_feature-parking","property_state-rabat-sale-kenitra","property_city-rabat","property_area-locean"],"property_meta":{"rank_math_internal_links_processed":["1"],"fave_property_price":["10000"],"fave_property_price_postfix":[""],"fave_show_price_placeholder":["0"],"fave_property_price_placeholder":[""],"fave_property_price_prefix":[""],"fave_property_sec_price":[""],"fave_currency":["MAD"],"fave_currency_info":["a:8:{s:2:\"id\";s:1:\"1\";s:13:\"currency_name\";s:3:\"MAD\";s:13:\"currency_code\";s:3:\"MAD\";s:15:\"currency_symbol\";s:3:\" DH\";s:17:\"currency_position\";s:5:\"after\";s:16:\"currency_decimal\";s:1:\"0\";s:26:\"currency_decimal_separator\";s:1:\",\";s:27:\"currency_thousand_separator\";s:1:\".\";}"],"fave_property_size":["89"],"fave_property_size_prefix":["m\u00b2"],"fave_property_land":[""],"fave_property_land_postfix":["m\u00b2"],"fave_property_bedrooms":["2"],"fave_property_bathrooms":["2"],"fave_property_garage":["1"],"fave_property_garage_size":[""],"fave_virtual_tour":[""],"fave_property_year":[""],"fave_property_id":["4268"],"fave_video_url":[""],"fave_property_images":["56316","56311","56321","56312","56313","56314","56315","56317","56318","56319","56320","56322"],"_thumbnail_id":["56316"],"fave_property_zip":[""],"additional_features":[""],"floor_plans":[""],"fave_multi_units":[""],"fave_featured":["0"],"houzez_featured_listing_date":[""],"fave_loggedintoview":["0"],"fave_mortgage_cal":["0"],"fave_private_note":[""],"fave_property_disclaimer":[""],"fave_payment_status":["not_paid"],"fave_agents":["44508"],"fave_agent_display_option":["agent_info"],"fave_property_map_address":[""],"fave_property_address":[""],"houzez_total_property_views":["9"],"houzez_views_by_date":["a:1:{s:10:\"09-03-2026\";i:9;}"],"houzez_recently_viewed":["2026-09-03 10:10:23"]},"_links":{"self":[{"href":"https:\/\/aykana.ma\/ar\/wp-json\/wp\/v2\/properties\/56323","targetHints":{"allow":["GET"]}}],"collection":[{"href":"https:\/\/aykana.ma\/ar\/wp-json\/wp\/v2\/properties"}],"about":[{"href":"https:\/\/aykana.ma\/ar\/wp-json\/wp\/v2\/types\/property"}],"author":[{"embeddable":true,"href":"https:\/\/aykana.ma\/ar\/wp-json\/wp\/v2\/users\/6"}],"version-history":[{"count":0,"href":"https:\/\/aykana.ma\/ar\/wp-json\/wp\/v2\/properties\/56323\/revisions"}],"wp:featuredmedia":[{"embeddable":true,"href":"https:\/\/aykana.ma\/ar\/wp-json\/wp\/v2\/media\/56316"}],"wp:attachment":[{"href":"https:\/\/aykana.ma\/ar\/wp-json\/wp\/v2\/media?parent=56323"}],"wp:term":[{"taxonomy":"property_type","embeddable":true,"href":"https:\/\/aykana.ma\/ar\/wp-json\/wp\/v2\/property_type?post=56323"},{"taxonomy":"property_status","embeddable":true,"href":"https:\/\/aykana.ma\/ar\/wp-json\/wp\/v2\/property_status?post=56323"},{"taxonomy":"property_feature","embeddable":true,"href":"https:\/\/aykana.ma\/ar\/wp-json\/wp\/v2\/property_feature?post=56323"},{"taxonomy":"property_label","embeddable":true,"href":"https:\/\/aykana.ma\/ar\/wp-json\/wp\/v2\/property_label?post=56323"},{"taxonomy":"property_country","embeddable":true,"href":"https:\/\/aykana.ma\/ar\/wp-json\/wp\/v2\/property_country?post=56323"},{"taxonomy":"property_state","embeddable":true,"href":"https:\/\/aykana.ma\/ar\/wp-json\/wp\/v2\/property_state?post=56323"},{"taxonomy":"property_city","embeddable":true,"href":"https:\/\/aykana.ma\/ar\/wp-json\/wp\/v2\/property_city?post=56323"},{"taxonomy":"property_area","embeddable":true,"href":"https:\/\/aykana.ma\/ar\/wp-json\/wp\/v2\/property_area?post=56323"}],"curies":[{"name":"wp","href":"https:\/\/api.w.org\/{rel}","templated":true}]}}